{"id":3,"date":"2021-02-03T23:34:29","date_gmt":"2021-02-03T22:34:29","guid":{"rendered":"https:\/\/met-pro2.pl\/?page_id=3"},"modified":"2026-04-22T22:09:49","modified_gmt":"2026-04-22T20:09:49","slug":"polityka-prywatnosci","status":"publish","type":"page","link":"https:\/\/met-pro2.pl\/pl\/polityka-prywatnosci\/","title":{"rendered":"Polityka prywatno\u015bci (RODO)"},"content":{"rendered":"\t\t<div data-elementor-type=\"wp-page\" data-elementor-id=\"3\" class=\"elementor elementor-3\" data-elementor-settings=\"[]\">\n\t\t\t\t\t\t\t<div class=\"elementor-section-wrap\">\n\t\t\t\t\t\t\t<section class=\"elementor-section elementor-top-section elementor-element elementor-element-13a6d722 elementor-section-boxed elementor-section-height-default elementor-section-height-default\" data-id=\"13a6d722\" data-element_type=\"section\">\n\t\t\t\t\t\t<div class=\"elementor-container elementor-column-gap-default\">\n\t\t\t\t\t<div class=\"elementor-column elementor-col-100 elementor-top-column elementor-element elementor-element-e2d298e\" data-id=\"e2d298e\" data-element_type=\"column\">\n\t\t\t<div class=\"elementor-widget-wrap elementor-element-populated\">\n\t\t\t\t\t\t\t\t<div class=\"elementor-element elementor-element-5c02d362 elementor-widget elementor-widget-text-editor\" data-id=\"5c02d362\" data-element_type=\"widget\" data-widget_type=\"text-editor.default\">\n\t\t\t\t<div class=\"elementor-widget-container\">\n\t\t\t\t\t\t\t\t<!-- wp:heading -->\n<p>\u00a71. Administrator danych osobowych<\/p>\n<p>1. Administratorem danych osobowych w rozumieniu art. 4 pkt 7 rozporz\u0105dzenia Parlamentu Europejskiego i Rady (UE) 2016\/679 z dn. 27.04.2016 r. w sprawie ochrony os\u00f3b fizycznych w zwi\u0105zku z przetwarzaniem danych osobowych i w sprawie swobodnego przep\u0142ywu takich danych oraz uchylenia dyrektywy 95\/46\/WE (RODO) jest: <strong>MET-PRO2&nbsp;Karolina&nbsp;Kobia\u0142ka; Wsola,&nbsp;ul.&nbsp;Spacerowa&nbsp;46C; 26-660&nbsp;Jedli\u0144sk; NIP:&nbsp;796-291-93-42<\/strong><br \/>2. Adres e-mail administratora danych: biuro@met-pro2.pl<br \/>3. Administrator w my\u015bl art. 32 ust. 1 RODO przestrzega zasady ochrony danych osobowych oraz stosuje odpowiednie \u015brodki techniczne i organizacyjne w celu zapobie\u017cenia przypadkowego lub niezgodnego z prawem zniszczenia, utraty, modyfikacji, nieuprawnionego ujawnienia lub nieuprawnionego dost\u0119pu do danych osobowych przetwarzanych w zwi\u0105zku z prowadzon\u0105 dzia\u0142alno\u015bci\u0105.<br \/>4. Podanie danych osobowych przez klienta jest dobrowolne, ale niezb\u0119dne w celu zawarcia umowy z administratorem danych.<br \/>5. Administrator danych przetwarza dane osobowe w zakresie niezb\u0119dnym do realizacji umowy lub \u015bwiadczenia us\u0142ug na rzecz osoby, kt\u00f3rej dane dotycz\u0105.<\/p>\n<p>\u00a72. Cel i podstawy przetwarzania danych osobowych<\/p>\n<p>Administrator przetwarza dane osobowe w nast\u0119puj\u0105cych celach:<br \/>a) przygotowanie oferty handlowej w odpowiedzi na zainteresowanie klienta, co jest prawnie uzasadnionym interesem administratora danych (art. 6 ust. 1 lit. f RODO);<br \/>b) zawieranie i realizacja um\u00f3w z klientami, na podstawie zawartej umowy (art. 6 ust. 1 lit. b RODO);<br \/>c) \u015bwiadczenie us\u0142ug drog\u0105 elektroniczn\u0105 za po\u015brednictwem stron internetowych, na podstawie zawartej umowy (art. 6 ust. 1 lit. b RODO);<br \/>d) obs\u0142uga procesu reklamacyjnego, na podstawie obowi\u0105zku ci\u0105\u017c\u0105cym na administratorze danych w zwi\u0105zku z obowi\u0105zuj\u0105cymi przepisami prawa (art. 6 ust. 1 lit. c RODO);<br \/>e) rachunkowych zwi\u0105zanych z wystawianiem i przyjmowaniem dokument\u00f3w rozliczeniowych, na podstawie przepis\u00f3w prawa podatkowego (art. 6 ust. 1 lit. c RODO);<br \/>f) archiwizacja danych dla ewentualnego ustalenia, dochodzenia lub obrony przed roszczeniami, lub potrzeby wykazania fakt\u00f3w, co jest prawnie uzasadnionym interesem administratora danych (art. 6 ust. 1 lit f RODO);<br \/>g) kontakt telefoniczny lub za po\u015brednictwem poczty elektronicznej, w szczeg\u00f3lno\u015bci w odpowiedzi na zapytania kierowane do administratora danych, co jest prawnie uzasadnionym interesem administratora danych (art. 6 ust. 1 lit. f RODO);<br \/>h) marketing, co jest jego prawnie uzasadnionym interesem (art. 6 ust. 1 lit. f RODO) lub odbywa si\u0119 na podstawie uprzednio udzielonej zgody (art. 6 ust. 1 lit. a RODO).<\/p>\n<p>\u00a73. Odbiorcy danych. Przekazywanie danych do pa\u0144stw trzecich<\/p>\n<p>1. Odbiorcami danych osobowych przetwarzanych przez administratora danych mog\u0105 by\u0107 podmioty wsp\u00f3\u0142pracuj\u0105ce z administratorem danych, gdy jest to niezb\u0119dne do realizacji umowy zawartej z osob\u0105, kt\u00f3rej dane dotycz\u0105.<br \/>2. Odbiorcami danych osobowych przetwarzanych przez administratora danych mog\u0105 by\u0107 r\u00f3wnie\u017c podwykonawcy \u2013 podmioty, z kt\u00f3rych us\u0142ug korzysta administrator danych przy przetwarzaniu danych np. biura rachunkowe, kancelarie prawne, podmioty \u015bwiadcz\u0105ce us\u0142ugi IT (w tym us\u0142ugi hostingowe).<br \/>3. Administrator danych mo\u017ce by\u0107 zobowi\u0105zany do udost\u0119pnienia danych osobowych na podstawie obowi\u0105zuj\u0105cych przepis\u00f3w prawa, w szczeg\u00f3lno\u015bci do udost\u0119pnienia danych osobowych uprawnionym organom lub instytucjom pa\u0144stwowym.<br \/>4. Dane osobowe nie zostan\u0105 przekazane do podmiotu maj\u0105cego siedzib\u0119 poza Europejskim Obszarem Gospodarczym.<\/p>\n<p>\u00a74. Okres przechowywania danych osobowych<\/p>\n<p>1. Administrator danych przechowuje dane osobowe przez okres obowi\u0105zywania umowy zawartej z osob\u0105, kt\u00f3rej dane dotycz\u0105 oraz po zako\u0144czeniu jej obowi\u0105zywania w celach zwi\u0105zanych z dochodzeniem roszcze\u0144 zwi\u0105zanych z umow\u0105, wykonania obowi\u0105zk\u00f3w wynikaj\u0105cych z obowi\u0105zuj\u0105cych przepis\u00f3w prawa, ale przez czas nie d\u0142u\u017cszy ni\u017c termin przedawnienia zgodnie z przepisami Kodeksu cywilnego.<br \/>2. Administrator danych przechowuje dane osobowe znajduj\u0105ce si\u0119 na dokumentach rozliczeniowych przez okres wskazany przepisami prawa podatkowego.<br \/>3. Administrator danych przechowuje dane osobowe przetwarzane w celach marketingowych przez okres lat 10, jednak nie dalej ni\u017c do momentu wycofania zgody na przetwarzanie danych lub wniesienia sprzeciwu wobec przetwarzania danych.<br \/>4. Administrator danych przechowuje dane osobowe w celach innych ni\u017c wskazane w ust. 1-3 przez okres jednego roku, chyba \u017ce wcze\u015bniej wycofano zgod\u0119 na przetwarzanie danych, a przetwarzanie danych nie mo\u017ce by\u0107 kontynuowane na innej podstawie ni\u017c zgoda osoby, kt\u00f3rej dane dotycz\u0105.<\/p>\n<p>\u00a75. Uprawnienia osoby, kt\u00f3rej dane dotycz\u0105<\/p>\n<p>1. Ka\u017cda osoba, kt\u00f3rej dane dotycz\u0105, ma prawo:<br \/>a) dost\u0119pu \u2013 uzyskania od administratora potwierdzenia, czy przetwarzane s\u0105 jej dane osobowe. Je\u017celi dane o osobie s\u0105 przetwarzane, jest ona uprawniona do uzyskania dost\u0119pu do nich oraz uzyskania nast\u0119puj\u0105cych informacji: o celach przetwarzania, kategoriach danych osobowych, informacji o odbiorcach lub kategoriach odbiorc\u00f3w, kt\u00f3rym dane zosta\u0142y lub zostan\u0105 ujawnione, o okresie przechowywania danych lub o kryteriach ich ustalania, o prawie do \u017c\u0105dania sprostowania, usuni\u0119cia lub ograniczenia przetwarzania danych osobowych przys\u0142uguj\u0105cych osobie, kt\u00f3rej dane dotycz\u0105, oraz do wniesienia sprzeciwu wobec takiego przetwarzania (art. 15 RODO);<br \/>b) do otrzymania kopii danych \u2013 uzyskania kopii danych podlegaj\u0105cych przetwarzaniu, przy czym pierwsza kopia jest bezp\u0142atna, a za kolejne kopie administrator mo\u017ce na\u0142o\u017cy\u0107 op\u0142at\u0119 w rozs\u0105dnej wysoko\u015bci wynikaj\u0105c\u0105 z koszt\u00f3w administracyjnych (art. 15 ust. 3 RODO);<br \/>c) do sprostowania \u2013 \u017c\u0105dania sprostowania dotycz\u0105cych jej danych osobowych, kt\u00f3re s\u0105 nieprawid\u0142owe lub uzupe\u0142nienia niekompletnych danych (art. 16 RODO);<br \/>d) do usuni\u0119cia danych \u2013 \u017c\u0105dania usuni\u0119cia jej danych osobowych, je\u017celi administrator nie ma ju\u017c podstawy prawnej do ich przetwarzania lub dane nie s\u0105 ju\u017c niezb\u0119dne do cel\u00f3w przetwarzania (art. 17 RODO);<br \/>e) do ograniczenia przetwarzania \u2013 \u017c\u0105dania ograniczenia przetwarzania danych osobowych (art. 18 RODO), gdy:<br \/>\u2013 osoba, kt\u00f3rej dane dotycz\u0105, kwestionuje prawid\u0142owo\u015b\u0107 danych osobowych \u2013 na okres pozwalaj\u0105cy administratorowi sprawdzi\u0107 prawid\u0142owo\u015b\u0107 tych danych,<br \/>\u2013 przetwarzanie jest niezgodne z prawem, a osoba, kt\u00f3rej dane dotycz\u0105, sprzeciwia si\u0119 ich usuni\u0119ciu, \u017c\u0105daj\u0105c ograniczenia ich wykorzystywania,<br \/>\u2013 administrator nie potrzebuje ju\u017c tych danych, ale s\u0105 one potrzebne osobie, kt\u00f3rej dane dotycz\u0105, do ustalenia, dochodzenia lub obrony roszcze\u0144,<br \/>\u2013 osoba, kt\u00f3rej dane dotycz\u0105, wnios\u0142a sprzeciw wobec przetwarzania \u2013 do czasu stwierdzenia, czy prawnie uzasadnione podstawy po stronie administratora s\u0105 nadrz\u0119dne wobec podstaw sprzeciwu osoby, kt\u00f3rej dane dotycz\u0105;<br \/>f) do przenoszenia danych \u2013 otrzymania w ustrukturyzowanym, powszechnie u\u017cywanym formacie nadaj\u0105cym si\u0119 do odczytu maszynowego danych osobowych jej dotycz\u0105cych, kt\u00f3re dostarczy\u0142a<br \/>administratorowi, oraz \u017c\u0105dania przes\u0142ania tych danych innemu administratorowi, je\u017celi dane s\u0105 przetwarzane na podstawie zgody osoby, kt\u00f3rej dane dotycz\u0105 lub umowy z ni\u0105 zawartej oraz je\u017celi dane s\u0105 przetwarzane w spos\u00f3b zautomatyzowany (art. 20 RODO);<br \/>g) do sprzeciwu \u2013 wniesienia sprzeciwu wobec przetwarzania jej danych osobowych w prawnie uzasadnionych celach administratora, z przyczyn zwi\u0105zanych z jej szczeg\u00f3ln\u0105 sytuacj\u0105, w tym wobec profilowania. W\u00f3wczas administrator dokonuje oceny istnienia wa\u017cnych prawnie uzasadnionych podstaw do przetwarzania, nadrz\u0119dnych wobec interes\u00f3w, praw i wolno\u015bci os\u00f3b, kt\u00f3rych dane dotycz\u0105, lub podstaw do ustalenia, dochodzenia lub obrony roszcze\u0144. Je\u017celi zgodnie z ocen\u0105 interesy osoby, kt\u00f3rej dane dotycz\u0105, b\u0119d\u0105 wa\u017cniejsze od interes\u00f3w administratora, administrator b\u0119dzie zobowi\u0105zany zaprzesta\u0107 przetwarzania danych w tych celach (art. 21 RODO).<br \/>2. Aby skorzysta\u0107 z wy\u017cej wymienionych praw, osoba, kt\u00f3rej dane dotycz\u0105, powinna skontaktowa\u0107 si\u0119, wykorzystuj\u0105c podane dane kontaktowe, z administratorem i poinformowa\u0107 go, z kt\u00f3rego prawa i w jakim zakresie chce skorzysta\u0107.<br \/>3. Osoba, kt\u00f3rej dane dotycz\u0105, ma prawo wnie\u015b\u0107 skarg\u0119 do organu nadzoru, kt\u00f3rym jest Prezes Urz\u0119du Ochrony Danych Osobowych w Warszawie.<\/p>\n<p>\u00a76. Profilowanie<\/p>\n<p>Dane osobowe uzyskane przez administratora danych nie zostan\u0105 przetwarzane w spos\u00f3b automatyczny \u2013 w tym w formie profilowania.<\/p>\n<!-- \/wp:heading -->\t\t\t\t\t\t<\/div>\n\t\t\t\t<\/div>\n\t\t\t\t\t<\/div>\n\t\t<\/div>\n\t\t\t\t\t\t\t<\/div>\n\t\t<\/section>\n\t\t\t\t\t\t<\/div>\n\t\t\t\t\t<\/div>\n\t\t","protected":false},"excerpt":{"rendered":"<p>\u00a71. Administrator danych osobowych 1. Administratorem danych osobowych w rozumieniu art. 4 pkt 7 rozporz\u0105dzenia Parlamentu Europejskiego i Rady (UE) 2016\/679 z dn. 27.04.2016 r. w sprawie ochrony os\u00f3b fizycznych w zwi\u0105zku z przetwarzaniem danych osobowych i w sprawie swobodnego przep\u0142ywu takich danych oraz uchylenia dyrektywy 95\/46\/WE (RODO) jest: MET-PRO2&nbsp;Karolina&nbsp;Kobia\u0142ka; Wsola,&nbsp;ul.&nbsp;Spacerowa&nbsp;46C; 26-660&nbsp;Jedli\u0144sk; NIP:&nbsp;796-291-93-422. Adres e-mail [&hellip;]<\/p>\n","protected":false},"author":1,"featured_media":0,"parent":0,"menu_order":0,"comment_status":"closed","ping_status":"closed","template":"elementor_header_footer","meta":[],"_links":{"self":[{"href":"https:\/\/met-pro2.pl\/pl\/wp-json\/wp\/v2\/pages\/3"}],"collection":[{"href":"https:\/\/met-pro2.pl\/pl\/wp-json\/wp\/v2\/pages"}],"about":[{"href":"https:\/\/met-pro2.pl\/pl\/wp-json\/wp\/v2\/types\/page"}],"author":[{"embeddable":true,"href":"https:\/\/met-pro2.pl\/pl\/wp-json\/wp\/v2\/users\/1"}],"replies":[{"embeddable":true,"href":"https:\/\/met-pro2.pl\/pl\/wp-json\/wp\/v2\/comments?post=3"}],"version-history":[{"count":16,"href":"https:\/\/met-pro2.pl\/pl\/wp-json\/wp\/v2\/pages\/3\/revisions"}],"predecessor-version":[{"id":2271,"href":"https:\/\/met-pro2.pl\/pl\/wp-json\/wp\/v2\/pages\/3\/revisions\/2271"}],"wp:attachment":[{"href":"https:\/\/met-pro2.pl\/pl\/wp-json\/wp\/v2\/media?parent=3"}],"curies":[{"name":"wp","href":"https:\/\/api.w.org\/{rel}","templated":true}]}}